{"id":13880,"date":"2023-05-15T06:22:31","date_gmt":"2023-05-15T06:22:31","guid":{"rendered":"https:\/libro\/y-franco-salio-de-tenerife\/"},"modified":"2023-05-31T08:21:55","modified_gmt":"2023-05-31T08:21:55","slug":"y-franco-salio-de-tenerife","status":"publish","type":"product","link":"https:\/\/www.laertes.es\/ca\/llibre\/y-franco-salio-de-tenerife\/","title":{"rendered":"&#8230;Y Franco sali\u00f3 de Tenerife"},"content":{"rendered":"<p><em>\u2026Y Franco sali\u00f3 de Tenerife<\/em> es el resultado de una investigaci\u00f3n sistem\u00e1tica elaborada desde el conocimiento de la geograf\u00eda pol\u00edtica del Archipi\u00e9lago, su sociedad y su territorio. A partir de las m\u00e1s diversas fuentes canarias y estatales se relatan los hechos protagonizados por el general Francisco Franco durante su intensa estancia en Canarias durante la primavera e inicio del verano de 1936. Esta obra descarta ficciones, falsas tradiciones y viejos y nuevos mitos.<br \/>\n<strong>\u00a0 \u00a0<\/strong> En la primera parte del libro se narra y analiza la triple vida de Franco en Tenerife: alt\u00edsimo funcionario del Estado espa\u00f1ol en Canarias, el comandante militar del Archipi\u00e9lago; dirigente y m\u00e1ximo organizador de la rebeli\u00f3n contra el gobierno en el territorio de su jurisdicci\u00f3n; y pieza fundamental de la conspiraci\u00f3n estatal que dirige el general Mola contra el gobierno del Frente Popular.<br \/>\n<strong>\u00a0 \u00a0 \u00a0<\/strong>La segunda parte se ocupa de desvelar dos de los hechos m\u00e1s controvertidos de la estancia de este jefe militar en las islas. En los dos primeros cap\u00edtulos se establece la veracidad de algunos de los intentos de atentado sobre la persona del general Franco. El siguiente apartado est\u00e1 dedicado al caso Balmes (la conjetura de que el fallecimiento de este militar fue un asesinato). Por \u00faltimo, se presta una especial atenci\u00f3n a \u00abla cara oculta del general Franco en Canarias\u00bb, a su papel como represor responsable durante el transcurso de las diversas fases represivas en el Archipi\u00e9lago.<\/p>\n<p><em>\u2026Y Franco sali\u00f3 de Tenerife<\/em> es el resultado de una investigaci\u00f3n sistem\u00e1tica elaborada desde el conocimiento de la geograf\u00eda pol\u00edtica del Archipi\u00e9lago, su sociedad y su territorio. A partir de las m\u00e1s diversas fuentes canarias y estatales se relatan los hechos protagonizados por el general Francisco Franco durante su intensa estancia en Canarias durante la primavera e inicio del verano de 1936. Esta obra descarta ficciones, falsas tradiciones y viejos y nuevos mitos.<\/p>\n","protected":false},"excerpt":{"rendered":"<p>\u2026Y Franco sali\u00f3 de Tenerife es el resultado de una investigaci\u00f3n sistem\u00e1tica elaborada desde el conocimiento de la geograf\u00eda pol\u00edtica<\/p>\n","protected":false},"featured_media":13950,"template":"","meta":[],"product_brand":[],"product_cat":[334],"product_tag":[657,776,770,1248,1249,1250,1251],"autores":[1252],"formatos":[355],"materias":[372,373],"class_list":{"0":"post-13880","1":"product","2":"type-product","3":"status-publish","4":"has-post-thumbnail","6":"product_cat-laertes-ca","7":"product_tag-ensayo-ca","8":"product_tag-franquismo-ca","9":"product_tag-guerra-civil-ca","10":"product_tag-guerra-civil-espanola-ca","11":"product_tag-historia-contemporanea-ca","12":"product_tag-historia-de-espana-ca","13":"product_tag-islas-canarias-ca","14":"autores-rivas-garcia-ramiro-ca","15":"formatos-llibre","16":"materias-historia-ca","17":"materias-historia-contemporanea-ca","19":"first","20":"instock","21":"taxable","22":"shipping-taxable","23":"purchasable","24":"product-type-simple"},"yoast_head":"<!-- This site is optimized with the Yoast SEO plugin v27.5 - https:\/\/yoast.com\/product\/yoast-seo-wordpress\/ -->\n<title>...Y Franco sali\u00f3 de Tenerife | Laertes ediciones<\/title>\n<meta name=\"description\" content=\"\u2026Y Franco sali\u00f3 de Tenerife es el resultado de una investigaci\u00f3n sistem\u00e1tica elaborada desde el conocimiento de la geograf\u00eda pol\u00edtica.\" \/>\n<meta name=\"robots\" content=\"index, follow, max-snippet:-1, max-image-preview:large, max-video-preview:-1\" \/>\n<link rel=\"canonical\" href=\"https:\/\/www.laertes.es\/ca\/llibre\/y-franco-salio-de-tenerife\/\" \/>\n<meta property=\"og:locale\" content=\"ca_ES\" \/>\n<meta property=\"og:type\" content=\"article\" \/>\n<meta property=\"og:title\" content=\"...Y Franco sali\u00f3 de Tenerife | Laertes ediciones\" \/>\n<meta property=\"og:description\" content=\"\u2026Y Franco sali\u00f3 de Tenerife es el resultado de una investigaci\u00f3n sistem\u00e1tica elaborada desde el conocimiento de la geograf\u00eda pol\u00edtica.\" \/>\n<meta property=\"og:url\" content=\"https:\/\/www.laertes.es\/ca\/llibre\/y-franco-salio-de-tenerife\/\" \/>\n<meta property=\"og:site_name\" content=\"Laertes ediciones\" \/>\n<meta property=\"article:modified_time\" content=\"2023-05-31T08:21:55+00:00\" \/>\n<meta property=\"og:image\" content=\"https:\/\/www.laertes.es\/wp-content\/uploads\/2023\/05\/LAE128.webp\" \/>\n\t<meta property=\"og:image:width\" content=\"802\" \/>\n\t<meta property=\"og:image:height\" content=\"1200\" \/>\n\t<meta property=\"og:image:type\" content=\"image\/webp\" \/>\n<script type=\"application\/ld+json\" class=\"yoast-schema-graph\">{\"@context\":\"https:\\\/\\\/schema.org\",\"@graph\":[{\"@type\":\"WebPage\",\"@id\":\"https:\\\/\\\/www.laertes.es\\\/ca\\\/llibre\\\/y-franco-salio-de-tenerife\\\/\",\"url\":\"https:\\\/\\\/www.laertes.es\\\/ca\\\/llibre\\\/y-franco-salio-de-tenerife\\\/\",\"name\":\"...Y Franco sali\u00f3 de Tenerife | Laertes ediciones\",\"isPartOf\":{\"@id\":\"https:\\\/\\\/www.laertes.es\\\/ca\\\/#website\"},\"primaryImageOfPage\":{\"@id\":\"https:\\\/\\\/www.laertes.es\\\/ca\\\/llibre\\\/y-franco-salio-de-tenerife\\\/#primaryimage\"},\"image\":{\"@id\":\"https:\\\/\\\/www.laertes.es\\\/ca\\\/llibre\\\/y-franco-salio-de-tenerife\\\/#primaryimage\"},\"thumbnailUrl\":\"https:\\\/\\\/www.laertes.es\\\/wp-content\\\/uploads\\\/2023\\\/05\\\/LAE128.webp\",\"datePublished\":\"2023-05-15T06:22:31+00:00\",\"dateModified\":\"2023-05-31T08:21:55+00:00\",\"description\":\"\u2026Y Franco sali\u00f3 de Tenerife es el resultado de una investigaci\u00f3n sistem\u00e1tica elaborada desde el conocimiento de la geograf\u00eda pol\u00edtica.\",\"breadcrumb\":{\"@id\":\"https:\\\/\\\/www.laertes.es\\\/ca\\\/llibre\\\/y-franco-salio-de-tenerife\\\/#breadcrumb\"},\"inLanguage\":\"ca\",\"potentialAction\":[{\"@type\":\"ReadAction\",\"target\":[\"https:\\\/\\\/www.laertes.es\\\/ca\\\/llibre\\\/y-franco-salio-de-tenerife\\\/\"]}]},{\"@type\":\"ImageObject\",\"inLanguage\":\"ca\",\"@id\":\"https:\\\/\\\/www.laertes.es\\\/ca\\\/llibre\\\/y-franco-salio-de-tenerife\\\/#primaryimage\",\"url\":\"https:\\\/\\\/www.laertes.es\\\/wp-content\\\/uploads\\\/2023\\\/05\\\/LAE128.webp\",\"contentUrl\":\"https:\\\/\\\/www.laertes.es\\\/wp-content\\\/uploads\\\/2023\\\/05\\\/LAE128.webp\",\"width\":802,\"height\":1200,\"caption\":\"...Y Franco sali\u00f3 de Tenerife\"},{\"@type\":\"BreadcrumbList\",\"@id\":\"https:\\\/\\\/www.laertes.es\\\/ca\\\/llibre\\\/y-franco-salio-de-tenerife\\\/#breadcrumb\",\"itemListElement\":[{\"@type\":\"ListItem\",\"position\":1,\"name\":\"Portada\",\"item\":\"https:\\\/\\\/www.laertes.es\\\/ca\\\/\"},{\"@type\":\"ListItem\",\"position\":2,\"name\":\"Tienda\",\"item\":\"https:\\\/\\\/www.laertes.es\\\/tienda\\\/\"},{\"@type\":\"ListItem\",\"position\":3,\"name\":\"&#8230;Y Franco sali\u00f3 de Tenerife\"}]},{\"@type\":\"WebSite\",\"@id\":\"https:\\\/\\\/www.laertes.es\\\/ca\\\/#website\",\"url\":\"https:\\\/\\\/www.laertes.es\\\/ca\\\/\",\"name\":\"Laertes Ediciones\",\"description\":\"Editorial independiente desde 1975\",\"alternateName\":\"Laertes\",\"potentialAction\":[{\"@type\":\"SearchAction\",\"target\":{\"@type\":\"EntryPoint\",\"urlTemplate\":\"https:\\\/\\\/www.laertes.es\\\/ca\\\/?s={search_term_string}\"},\"query-input\":{\"@type\":\"PropertyValueSpecification\",\"valueRequired\":true,\"valueName\":\"search_term_string\"}}],\"inLanguage\":\"ca\"}]}<\/script>\n<!-- \/ Yoast SEO plugin. -->","yoast_head_json":{"title":"...Y Franco sali\u00f3 de Tenerife | Laertes ediciones","description":"\u2026Y Franco sali\u00f3 de Tenerife es el resultado de una investigaci\u00f3n sistem\u00e1tica elaborada desde el conocimiento de la geograf\u00eda pol\u00edtica.","robots":{"index":"index","follow":"follow","max-snippet":"max-snippet:-1","max-image-preview":"max-image-preview:large","max-video-preview":"max-video-preview:-1"},"canonical":"https:\/\/www.laertes.es\/ca\/llibre\/y-franco-salio-de-tenerife\/","og_locale":"ca_ES","og_type":"article","og_title":"...Y Franco sali\u00f3 de Tenerife | Laertes ediciones","og_description":"\u2026Y Franco sali\u00f3 de Tenerife es el resultado de una investigaci\u00f3n sistem\u00e1tica elaborada desde el conocimiento de la geograf\u00eda pol\u00edtica.","og_url":"https:\/\/www.laertes.es\/ca\/llibre\/y-franco-salio-de-tenerife\/","og_site_name":"Laertes ediciones","article_modified_time":"2023-05-31T08:21:55+00:00","og_image":[{"width":802,"height":1200,"url":"https:\/\/www.laertes.es\/wp-content\/uploads\/2023\/05\/LAE128.webp","type":"image\/webp"}],"schema":{"@context":"https:\/\/schema.org","@graph":[{"@type":"WebPage","@id":"https:\/\/www.laertes.es\/ca\/llibre\/y-franco-salio-de-tenerife\/","url":"https:\/\/www.laertes.es\/ca\/llibre\/y-franco-salio-de-tenerife\/","name":"...Y Franco sali\u00f3 de Tenerife | Laertes ediciones","isPartOf":{"@id":"https:\/\/www.laertes.es\/ca\/#website"},"primaryImageOfPage":{"@id":"https:\/\/www.laertes.es\/ca\/llibre\/y-franco-salio-de-tenerife\/#primaryimage"},"image":{"@id":"https:\/\/www.laertes.es\/ca\/llibre\/y-franco-salio-de-tenerife\/#primaryimage"},"thumbnailUrl":"https:\/\/www.laertes.es\/wp-content\/uploads\/2023\/05\/LAE128.webp","datePublished":"2023-05-15T06:22:31+00:00","dateModified":"2023-05-31T08:21:55+00:00","description":"\u2026Y Franco sali\u00f3 de Tenerife es el resultado de una investigaci\u00f3n sistem\u00e1tica elaborada desde el conocimiento de la geograf\u00eda pol\u00edtica.","breadcrumb":{"@id":"https:\/\/www.laertes.es\/ca\/llibre\/y-franco-salio-de-tenerife\/#breadcrumb"},"inLanguage":"ca","potentialAction":[{"@type":"ReadAction","target":["https:\/\/www.laertes.es\/ca\/llibre\/y-franco-salio-de-tenerife\/"]}]},{"@type":"ImageObject","inLanguage":"ca","@id":"https:\/\/www.laertes.es\/ca\/llibre\/y-franco-salio-de-tenerife\/#primaryimage","url":"https:\/\/www.laertes.es\/wp-content\/uploads\/2023\/05\/LAE128.webp","contentUrl":"https:\/\/www.laertes.es\/wp-content\/uploads\/2023\/05\/LAE128.webp","width":802,"height":1200,"caption":"...Y Franco sali\u00f3 de Tenerife"},{"@type":"BreadcrumbList","@id":"https:\/\/www.laertes.es\/ca\/llibre\/y-franco-salio-de-tenerife\/#breadcrumb","itemListElement":[{"@type":"ListItem","position":1,"name":"Portada","item":"https:\/\/www.laertes.es\/ca\/"},{"@type":"ListItem","position":2,"name":"Tienda","item":"https:\/\/www.laertes.es\/tienda\/"},{"@type":"ListItem","position":3,"name":"&#8230;Y Franco sali\u00f3 de Tenerife"}]},{"@type":"WebSite","@id":"https:\/\/www.laertes.es\/ca\/#website","url":"https:\/\/www.laertes.es\/ca\/","name":"Laertes Ediciones","description":"Editorial independiente desde 1975","alternateName":"Laertes","potentialAction":[{"@type":"SearchAction","target":{"@type":"EntryPoint","urlTemplate":"https:\/\/www.laertes.es\/ca\/?s={search_term_string}"},"query-input":{"@type":"PropertyValueSpecification","valueRequired":true,"valueName":"search_term_string"}}],"inLanguage":"ca"}]}},"_links":{"self":[{"href":"https:\/\/www.laertes.es\/ca\/wp-json\/wp\/v2\/product\/13880","targetHints":{"allow":["GET"]}}],"collection":[{"href":"https:\/\/www.laertes.es\/ca\/wp-json\/wp\/v2\/product"}],"about":[{"href":"https:\/\/www.laertes.es\/ca\/wp-json\/wp\/v2\/types\/product"}],"version-history":[{"count":1,"href":"https:\/\/www.laertes.es\/ca\/wp-json\/wp\/v2\/product\/13880\/revisions"}],"predecessor-version":[{"id":13952,"href":"https:\/\/www.laertes.es\/ca\/wp-json\/wp\/v2\/product\/13880\/revisions\/13952"}],"wp:featuredmedia":[{"embeddable":true,"href":"https:\/\/www.laertes.es\/ca\/wp-json\/wp\/v2\/media\/13950"}],"wp:attachment":[{"href":"https:\/\/www.laertes.es\/ca\/wp-json\/wp\/v2\/media?parent=13880"}],"wp:term":[{"taxonomy":"product_brand","embeddable":true,"href":"https:\/\/www.laertes.es\/ca\/wp-json\/wp\/v2\/product_brand?post=13880"},{"taxonomy":"product_cat","embeddable":true,"href":"https:\/\/www.laertes.es\/ca\/wp-json\/wp\/v2\/product_cat?post=13880"},{"taxonomy":"product_tag","embeddable":true,"href":"https:\/\/www.laertes.es\/ca\/wp-json\/wp\/v2\/product_tag?post=13880"},{"taxonomy":"autores","embeddable":true,"href":"https:\/\/www.laertes.es\/ca\/wp-json\/wp\/v2\/autores?post=13880"},{"taxonomy":"formatos","embeddable":true,"href":"https:\/\/www.laertes.es\/ca\/wp-json\/wp\/v2\/formatos?post=13880"},{"taxonomy":"materias","embeddable":true,"href":"https:\/\/www.laertes.es\/ca\/wp-json\/wp\/v2\/materias?post=13880"}],"curies":[{"name":"wp","href":"https:\/\/api.w.org\/{rel}","templated":true}]}}