{"id":11921,"date":"2023-01-24T15:06:23","date_gmt":"2023-01-24T15:06:23","guid":{"rendered":"https:\/libro\/el-llibre-del-magic-merli-i-dels-cavallers-pel%c2%b7lias-i-gauvain\/"},"modified":"2024-08-20T20:47:37","modified_gmt":"2024-08-20T20:47:37","slug":"el-llibre-del-magic-merli-i-dels-cavallers-pel%c2%b7lias-i-gauvain","status":"publish","type":"product","link":"https:\/\/www.laertes.es\/ca\/llibre\/el-llibre-del-magic-merli-i-dels-cavallers-pel%c2%b7lias-i-gauvain\/","title":{"rendered":"El llibre del m\u00e0gic Merl\u00ed i dels cavallers Pel\u00b7li\u00e0s i Gauvain"},"content":{"rendered":"<p><em>El llibre del m\u00e0gic Merl\u00ed i els cavallers Pel\u00b7li\u00e0s i Gauvain<\/em> \u00e9s la continuaci\u00f3 d&#8217;<em>El llibre del rei Art\u00fas<\/em> amb qu\u00e8 es complementa part de la tem\u00e0tica de la mat\u00e8ria de Bretanya i del cicle del sant Graal precedents de la literatura fant\u00e0stica. Howard Pyle, el seu autor, insatisfet amb la seva obra, sobresurt el mural The Battle of Nashville per al cap\u00edtol de Saint Paul, Minnesota, va intentar, com els personatges dels seus llibres, anar la recerca del Graal, \u00e9s a dir, de la perfecci\u00f3, i per aquest cam\u00ed va anar a parar a Flor\u00e8ncia on va morir.<\/p>\n<p><em>El llibre del m\u00e0gic Merl\u00ed i els cavallers Pel\u00b7li\u00e0s i Gauvain<\/em> \u00e9s la continuaci\u00f3 d&#8217;<em>El llibre del rei Art\u00fas<\/em> amb qu\u00e8 es complementa part de la tem\u00e0tica de la mat\u00e8ria de Bretanya i del cicle del sant Graal precedents de la literatura fant\u00e0stica. Howard Pyle, el seu autor, insatisfet amb la seva obra, sobresurt el mural The Battle of Nashville per al cap\u00edtol de Saint Paul, Minnesota, va intentar, com els personatges dels seus llibres, anar la recerca del Graal, \u00e9s a dir, de la perfecci\u00f3, i per aquest cam\u00ed va anar a parar a Flor\u00e8ncia on va morir.<\/p>\n<p><em>El llibre del m\u00e0gic Merl\u00ed i els cavallers Pel\u00b7li\u00e0s i Gauvain<\/em> \u00e9s la continuaci\u00f3 d&#8217;<em>El llibre del rei Art\u00fas<\/em> amb qu\u00e8 es complementa part de la tem\u00e0tica de la mat\u00e8ria de Bretanya i del cicle del sant Graal precedents de la literatura fant\u00e0stica. Howard Pyle, el seu autor, insatisfet amb la seva obra, sobresurt el mural The Battle of Nashville per al cap\u00edtol de Saint Paul, Minnesota, va intentar, com els personatges dels seus llibres, anar la recerca del Graal, \u00e9s a dir, de la perfecci\u00f3, i per aquest cam\u00ed va anar a parar a Flor\u00e8ncia on va morir.<\/p>\n","protected":false},"excerpt":{"rendered":"<p>El llibre del m\u00e0gic Merl\u00ed i els cavallers Pel\u00b7li\u00e0s i Gauvain \u00e9s la continuaci\u00f3 d&#8217; El llibre del rei Art\u00fas amb qu\u00e8 es complementa part de la tem\u00e0tica de la mat\u00e8ria de Bretanya i del cicle del sant Graal precedents de la literatura fant\u00e0stica. Howard Pyle, el seu autor, insatisfet amb la seva obra, sobresurt el mural The Battle of Nashville per al cap\u00edtol de Saint Paul, Minnesota, va intentar, com els personatges dels seus llibres, anar la recerca del Graal, \u00e9s a dir, de la perfecci\u00f3, i per aquest cam\u00ed va anar parar a Flor\u00e8ncia on ua morir.<\/p>\n","protected":false},"featured_media":13721,"template":"","meta":[],"product_brand":[],"product_cat":[296],"product_tag":[],"autores":[398],"formatos":[355],"materias":[356],"class_list":{"0":"post-11921","1":"product","2":"type-product","3":"status-publish","4":"has-post-thumbnail","6":"product_cat-larca-ca","7":"autores-pyle-howard-ca","8":"formatos-llibre","9":"materias-cuentos-clasicos-de-generos-fantasticos-ca","11":"first","12":"outofstock","13":"purchasable","14":"product-type-simple"},"yoast_head":"<!-- This site is optimized with the Yoast SEO plugin v27.5 - https:\/\/yoast.com\/product\/yoast-seo-wordpress\/ -->\n<title>El llibre del m\u00e0gic Merl\u00ed i dels cavallers Pel\u00b7li\u00e0s i Gauvain | Laertes ediciones<\/title>\n<meta name=\"description\" content=\"El llibre del m\u00e0gic Merl\u00ed i els cavallers Pel\u00b7li\u00e0s i Gauvain \u00e9s la continuaci\u00f3 d&#039;El llibre del rei Art\u00fas | Laertes ediciones\" \/>\n<meta name=\"robots\" content=\"index, follow, max-snippet:-1, max-image-preview:large, max-video-preview:-1\" \/>\n<link rel=\"canonical\" href=\"https:\/\/www.laertes.es\/ca\/llibre\/el-llibre-del-magic-merli-i-dels-cavallers-pel%c2%b7lias-i-gauvain\/\" \/>\n<meta property=\"og:locale\" content=\"ca_ES\" \/>\n<meta property=\"og:type\" content=\"article\" \/>\n<meta property=\"og:title\" content=\"El llibre del m\u00e0gic Merl\u00ed i dels cavallers Pel\u00b7li\u00e0s i Gauvain | Laertes ediciones\" \/>\n<meta property=\"og:description\" content=\"El llibre del m\u00e0gic Merl\u00ed i els cavallers Pel\u00b7li\u00e0s i Gauvain \u00e9s la continuaci\u00f3 d&#039;El llibre del rei Art\u00fas | Laertes ediciones\" \/>\n<meta property=\"og:url\" content=\"https:\/\/www.laertes.es\/ca\/llibre\/el-llibre-del-magic-merli-i-dels-cavallers-pel%c2%b7lias-i-gauvain\/\" \/>\n<meta property=\"og:site_name\" content=\"Laertes ediciones\" \/>\n<meta property=\"article:modified_time\" content=\"2024-08-20T20:47:37+00:00\" \/>\n<meta property=\"og:image\" content=\"https:\/\/www.laertes.es\/wp-content\/uploads\/2023\/01\/ARC018.webp\" \/>\n\t<meta property=\"og:image:width\" content=\"802\" \/>\n\t<meta property=\"og:image:height\" content=\"1200\" \/>\n\t<meta property=\"og:image:type\" content=\"image\/webp\" \/>\n<meta name=\"twitter:label1\" content=\"Temps estimat de lectura\" \/>\n\t<meta name=\"twitter:data1\" content=\"2 minuts\" \/>\n<script type=\"application\/ld+json\" class=\"yoast-schema-graph\">{\"@context\":\"https:\\\/\\\/schema.org\",\"@graph\":[{\"@type\":\"WebPage\",\"@id\":\"https:\\\/\\\/www.laertes.es\\\/ca\\\/llibre\\\/el-llibre-del-magic-merli-i-dels-cavallers-pel%c2%b7lias-i-gauvain\\\/\",\"url\":\"https:\\\/\\\/www.laertes.es\\\/ca\\\/llibre\\\/el-llibre-del-magic-merli-i-dels-cavallers-pel%c2%b7lias-i-gauvain\\\/\",\"name\":\"El llibre del m\u00e0gic Merl\u00ed i dels cavallers Pel\u00b7li\u00e0s i Gauvain | Laertes ediciones\",\"isPartOf\":{\"@id\":\"https:\\\/\\\/www.laertes.es\\\/ca\\\/#website\"},\"primaryImageOfPage\":{\"@id\":\"https:\\\/\\\/www.laertes.es\\\/ca\\\/llibre\\\/el-llibre-del-magic-merli-i-dels-cavallers-pel%c2%b7lias-i-gauvain\\\/#primaryimage\"},\"image\":{\"@id\":\"https:\\\/\\\/www.laertes.es\\\/ca\\\/llibre\\\/el-llibre-del-magic-merli-i-dels-cavallers-pel%c2%b7lias-i-gauvain\\\/#primaryimage\"},\"thumbnailUrl\":\"https:\\\/\\\/www.laertes.es\\\/wp-content\\\/uploads\\\/2023\\\/01\\\/ARC018.webp\",\"datePublished\":\"2023-01-24T15:06:23+00:00\",\"dateModified\":\"2024-08-20T20:47:37+00:00\",\"description\":\"El llibre del m\u00e0gic Merl\u00ed i els cavallers Pel\u00b7li\u00e0s i Gauvain \u00e9s la continuaci\u00f3 d'El llibre del rei Art\u00fas | Laertes ediciones\",\"breadcrumb\":{\"@id\":\"https:\\\/\\\/www.laertes.es\\\/ca\\\/llibre\\\/el-llibre-del-magic-merli-i-dels-cavallers-pel%c2%b7lias-i-gauvain\\\/#breadcrumb\"},\"inLanguage\":\"ca\",\"potentialAction\":[{\"@type\":\"ReadAction\",\"target\":[\"https:\\\/\\\/www.laertes.es\\\/ca\\\/llibre\\\/el-llibre-del-magic-merli-i-dels-cavallers-pel%c2%b7lias-i-gauvain\\\/\"]}]},{\"@type\":\"ImageObject\",\"inLanguage\":\"ca\",\"@id\":\"https:\\\/\\\/www.laertes.es\\\/ca\\\/llibre\\\/el-llibre-del-magic-merli-i-dels-cavallers-pel%c2%b7lias-i-gauvain\\\/#primaryimage\",\"url\":\"https:\\\/\\\/www.laertes.es\\\/wp-content\\\/uploads\\\/2023\\\/01\\\/ARC018.webp\",\"contentUrl\":\"https:\\\/\\\/www.laertes.es\\\/wp-content\\\/uploads\\\/2023\\\/01\\\/ARC018.webp\",\"width\":802,\"height\":1200,\"caption\":\"El llibre del m\u00e0gic Merl\u00ed i dels cavallers Pel\u00b7li\u00e0s i Gauvain\"},{\"@type\":\"BreadcrumbList\",\"@id\":\"https:\\\/\\\/www.laertes.es\\\/ca\\\/llibre\\\/el-llibre-del-magic-merli-i-dels-cavallers-pel%c2%b7lias-i-gauvain\\\/#breadcrumb\",\"itemListElement\":[{\"@type\":\"ListItem\",\"position\":1,\"name\":\"Portada\",\"item\":\"https:\\\/\\\/www.laertes.es\\\/ca\\\/\"},{\"@type\":\"ListItem\",\"position\":2,\"name\":\"Tienda\",\"item\":\"https:\\\/\\\/www.laertes.es\\\/tienda\\\/\"},{\"@type\":\"ListItem\",\"position\":3,\"name\":\"El llibre del m\u00e0gic Merl\u00ed i dels cavallers Pel\u00b7li\u00e0s i Gauvain\"}]},{\"@type\":\"WebSite\",\"@id\":\"https:\\\/\\\/www.laertes.es\\\/ca\\\/#website\",\"url\":\"https:\\\/\\\/www.laertes.es\\\/ca\\\/\",\"name\":\"Laertes Ediciones\",\"description\":\"Editorial independiente desde 1975\",\"alternateName\":\"Laertes\",\"potentialAction\":[{\"@type\":\"SearchAction\",\"target\":{\"@type\":\"EntryPoint\",\"urlTemplate\":\"https:\\\/\\\/www.laertes.es\\\/ca\\\/?s={search_term_string}\"},\"query-input\":{\"@type\":\"PropertyValueSpecification\",\"valueRequired\":true,\"valueName\":\"search_term_string\"}}],\"inLanguage\":\"ca\"}]}<\/script>\n<!-- \/ Yoast SEO plugin. -->","yoast_head_json":{"title":"El llibre del m\u00e0gic Merl\u00ed i dels cavallers Pel\u00b7li\u00e0s i Gauvain | Laertes ediciones","description":"El llibre del m\u00e0gic Merl\u00ed i els cavallers Pel\u00b7li\u00e0s i Gauvain \u00e9s la continuaci\u00f3 d'El llibre del rei Art\u00fas | Laertes ediciones","robots":{"index":"index","follow":"follow","max-snippet":"max-snippet:-1","max-image-preview":"max-image-preview:large","max-video-preview":"max-video-preview:-1"},"canonical":"https:\/\/www.laertes.es\/ca\/llibre\/el-llibre-del-magic-merli-i-dels-cavallers-pel%c2%b7lias-i-gauvain\/","og_locale":"ca_ES","og_type":"article","og_title":"El llibre del m\u00e0gic Merl\u00ed i dels cavallers Pel\u00b7li\u00e0s i Gauvain | Laertes ediciones","og_description":"El llibre del m\u00e0gic Merl\u00ed i els cavallers Pel\u00b7li\u00e0s i Gauvain \u00e9s la continuaci\u00f3 d'El llibre del rei Art\u00fas | Laertes ediciones","og_url":"https:\/\/www.laertes.es\/ca\/llibre\/el-llibre-del-magic-merli-i-dels-cavallers-pel%c2%b7lias-i-gauvain\/","og_site_name":"Laertes ediciones","article_modified_time":"2024-08-20T20:47:37+00:00","og_image":[{"width":802,"height":1200,"url":"https:\/\/www.laertes.es\/wp-content\/uploads\/2023\/01\/ARC018.webp","type":"image\/webp"}],"twitter_misc":{"Temps estimat de lectura":"2 minuts"},"schema":{"@context":"https:\/\/schema.org","@graph":[{"@type":"WebPage","@id":"https:\/\/www.laertes.es\/ca\/llibre\/el-llibre-del-magic-merli-i-dels-cavallers-pel%c2%b7lias-i-gauvain\/","url":"https:\/\/www.laertes.es\/ca\/llibre\/el-llibre-del-magic-merli-i-dels-cavallers-pel%c2%b7lias-i-gauvain\/","name":"El llibre del m\u00e0gic Merl\u00ed i dels cavallers Pel\u00b7li\u00e0s i Gauvain | Laertes ediciones","isPartOf":{"@id":"https:\/\/www.laertes.es\/ca\/#website"},"primaryImageOfPage":{"@id":"https:\/\/www.laertes.es\/ca\/llibre\/el-llibre-del-magic-merli-i-dels-cavallers-pel%c2%b7lias-i-gauvain\/#primaryimage"},"image":{"@id":"https:\/\/www.laertes.es\/ca\/llibre\/el-llibre-del-magic-merli-i-dels-cavallers-pel%c2%b7lias-i-gauvain\/#primaryimage"},"thumbnailUrl":"https:\/\/www.laertes.es\/wp-content\/uploads\/2023\/01\/ARC018.webp","datePublished":"2023-01-24T15:06:23+00:00","dateModified":"2024-08-20T20:47:37+00:00","description":"El llibre del m\u00e0gic Merl\u00ed i els cavallers Pel\u00b7li\u00e0s i Gauvain \u00e9s la continuaci\u00f3 d'El llibre del rei Art\u00fas | Laertes ediciones","breadcrumb":{"@id":"https:\/\/www.laertes.es\/ca\/llibre\/el-llibre-del-magic-merli-i-dels-cavallers-pel%c2%b7lias-i-gauvain\/#breadcrumb"},"inLanguage":"ca","potentialAction":[{"@type":"ReadAction","target":["https:\/\/www.laertes.es\/ca\/llibre\/el-llibre-del-magic-merli-i-dels-cavallers-pel%c2%b7lias-i-gauvain\/"]}]},{"@type":"ImageObject","inLanguage":"ca","@id":"https:\/\/www.laertes.es\/ca\/llibre\/el-llibre-del-magic-merli-i-dels-cavallers-pel%c2%b7lias-i-gauvain\/#primaryimage","url":"https:\/\/www.laertes.es\/wp-content\/uploads\/2023\/01\/ARC018.webp","contentUrl":"https:\/\/www.laertes.es\/wp-content\/uploads\/2023\/01\/ARC018.webp","width":802,"height":1200,"caption":"El llibre del m\u00e0gic Merl\u00ed i dels cavallers Pel\u00b7li\u00e0s i Gauvain"},{"@type":"BreadcrumbList","@id":"https:\/\/www.laertes.es\/ca\/llibre\/el-llibre-del-magic-merli-i-dels-cavallers-pel%c2%b7lias-i-gauvain\/#breadcrumb","itemListElement":[{"@type":"ListItem","position":1,"name":"Portada","item":"https:\/\/www.laertes.es\/ca\/"},{"@type":"ListItem","position":2,"name":"Tienda","item":"https:\/\/www.laertes.es\/tienda\/"},{"@type":"ListItem","position":3,"name":"El llibre del m\u00e0gic Merl\u00ed i dels cavallers Pel\u00b7li\u00e0s i Gauvain"}]},{"@type":"WebSite","@id":"https:\/\/www.laertes.es\/ca\/#website","url":"https:\/\/www.laertes.es\/ca\/","name":"Laertes Ediciones","description":"Editorial independiente desde 1975","alternateName":"Laertes","potentialAction":[{"@type":"SearchAction","target":{"@type":"EntryPoint","urlTemplate":"https:\/\/www.laertes.es\/ca\/?s={search_term_string}"},"query-input":{"@type":"PropertyValueSpecification","valueRequired":true,"valueName":"search_term_string"}}],"inLanguage":"ca"}]}},"_links":{"self":[{"href":"https:\/\/www.laertes.es\/ca\/wp-json\/wp\/v2\/product\/11921","targetHints":{"allow":["GET"]}}],"collection":[{"href":"https:\/\/www.laertes.es\/ca\/wp-json\/wp\/v2\/product"}],"about":[{"href":"https:\/\/www.laertes.es\/ca\/wp-json\/wp\/v2\/types\/product"}],"version-history":[{"count":1,"href":"https:\/\/www.laertes.es\/ca\/wp-json\/wp\/v2\/product\/11921\/revisions"}],"predecessor-version":[{"id":13726,"href":"https:\/\/www.laertes.es\/ca\/wp-json\/wp\/v2\/product\/11921\/revisions\/13726"}],"wp:featuredmedia":[{"embeddable":true,"href":"https:\/\/www.laertes.es\/ca\/wp-json\/wp\/v2\/media\/13721"}],"wp:attachment":[{"href":"https:\/\/www.laertes.es\/ca\/wp-json\/wp\/v2\/media?parent=11921"}],"wp:term":[{"taxonomy":"product_brand","embeddable":true,"href":"https:\/\/www.laertes.es\/ca\/wp-json\/wp\/v2\/product_brand?post=11921"},{"taxonomy":"product_cat","embeddable":true,"href":"https:\/\/www.laertes.es\/ca\/wp-json\/wp\/v2\/product_cat?post=11921"},{"taxonomy":"product_tag","embeddable":true,"href":"https:\/\/www.laertes.es\/ca\/wp-json\/wp\/v2\/product_tag?post=11921"},{"taxonomy":"autores","embeddable":true,"href":"https:\/\/www.laertes.es\/ca\/wp-json\/wp\/v2\/autores?post=11921"},{"taxonomy":"formatos","embeddable":true,"href":"https:\/\/www.laertes.es\/ca\/wp-json\/wp\/v2\/formatos?post=11921"},{"taxonomy":"materias","embeddable":true,"href":"https:\/\/www.laertes.es\/ca\/wp-json\/wp\/v2\/materias?post=11921"}],"curies":[{"name":"wp","href":"https:\/\/api.w.org\/{rel}","templated":true}]}}